{"id":35,"date":"2018-04-06T23:06:57","date_gmt":"2018-04-06T23:06:57","guid":{"rendered":"https:\/\/hysao.lucarne.info\/?page_id=35"},"modified":"2025-12-31T23:11:08","modified_gmt":"2025-12-31T22:11:08","slug":"about","status":"publish","type":"page","link":"https:\/\/hysao.art\/?page_id=35","title":{"rendered":"Profil"},"content":{"rendered":"<h1>Hysao Takagi \u4e45\u751f \u9ad8\u6728<\/h1>\n<p class=\"western\"><img loading=\"lazy\" decoding=\"async\" class=\"size-full wp-image-663 alignleft\" src=\"https:\/\/hysao.art\/wp-content\/uploads\/2018\/09\/profile-300x300.jpg\" alt=\"\" width=\"300\" height=\"300\" srcset=\"https:\/\/hysao.art\/wp-content\/uploads\/2018\/09\/profile-300x300.jpg 300w, https:\/\/hysao.art\/wp-content\/uploads\/2018\/09\/profile-300x300-250x250.jpg 250w, https:\/\/hysao.art\/wp-content\/uploads\/2018\/09\/profile-300x300-100x100.jpg 100w, https:\/\/hysao.art\/wp-content\/uploads\/2018\/09\/profile-300x300-150x150.jpg 150w\" sizes=\"auto, (max-width: 300px) 100vw, 300px\" \/>Ma vie, largement guid\u00e9e par le hasard, a toujours \u00e9t\u00e9 cons\u00e9quence du fait que je ne me suis jamais assign\u00e9e de but dernier dans le futur. Les choses arrivent comme elles viennent et je les re\u00e7ois ainsi, sans pour autant les accepter toutes.\u00a0 Est ce le signe d&rsquo;un manque de convictions ou d&rsquo;ambitions?<\/p>\n<p class=\"western\">Bien qu&rsquo;\u00e9tant p\u00e9trie d&rsquo;incertitudes j&rsquo;ai toujours, en d\u00e9finitive, assum\u00e9e pleinement mes choix pour vouloir voir toujours jusqu&rsquo;o\u00f9 je pouvais aller. Tout en assumant pleinement mes t\u00e2ches et mes devoirs.<\/p>\n<p class=\"western\">Ma rencontre avec un danseur m&rsquo;a ouvert \u00e0 la danse. Devenue danseuse puis chor\u00e9graphe, j&rsquo;avais d\u00e9couvert la sc\u00e8ne, ma seconde maison.<\/p>\n<p class=\"western\">Plus tard, en tant que m\u00e8re, j&rsquo;ai du renoncer un temps \u00e0 cet univers pour y revenir cependant en tant que cofondatrice d&rsquo;une \u00e9cole de spectacle, activit\u00e9 qui m&rsquo;a demand\u00e9 beaucoup d&rsquo;\u00e9nergie.<\/p>\n<p class=\"western\">En 2008\u00a0 je me remets \u00e0 la pratique assidue de la danse.<\/p>\n<p class=\"western\">20014. Je reviens \u00e0 mes premi\u00e8res amours; la calligraphie, abord\u00e9e \u00e0 l&rsquo;age de mes 6 ans.<\/p>\n<p class=\"western\"><em>Danse et calligraphie se compl\u00e9t\u00e8rent merveilleusement.<\/em><\/p>\n<p class=\"western\">En multipliant mes exp\u00e9riences, j&rsquo;ai \u00e9largie mon activit\u00e9 de calligraphe d&rsquo;un volet peinture qui m&rsquo;a permis de multiplier le champ de mes d\u00e9couvertes.<\/p>\n<p class=\"western\">Aventuri\u00e8re en calligraphie, dans la peinture et dans la danse, j&rsquo;aurai \u00e0 c\u0153ur, jusque \u00e0 la fin, de cr\u00e9er des proposions formant un lien de sensibilit\u00e9 entre moi et les autres.<img loading=\"lazy\" decoding=\"async\" class=\"size-medium wp-image-1284 aligncenter\" src=\"https:\/\/hysao.art\/wp-content\/uploads\/2020\/11\/20201007_094145-251x300.jpg\" alt=\"\" width=\"251\" height=\"300\" srcset=\"https:\/\/hysao.art\/wp-content\/uploads\/2020\/11\/20201007_094145-251x300.jpg 251w, https:\/\/hysao.art\/wp-content\/uploads\/2020\/11\/20201007_094145-857x1024.jpg 857w, https:\/\/hysao.art\/wp-content\/uploads\/2020\/11\/20201007_094145-768x918.jpg 768w, https:\/\/hysao.art\/wp-content\/uploads\/2020\/11\/20201007_094145.jpg 1029w\" sizes=\"auto, (max-width: 251px) 100vw, 251px\" \/><!--more--><\/p>\n<p><em>\u00a0<\/em><\/p>\n<ul>\n<li><strong><span style=\"font-size: 20px;\">Danseuse &#8211; Interpr\u00e8te et Cr\u00e9atrice<\/span><br \/><\/strong><\/li>\n<li>2025: Festival \u00a0\u00bb La f\u00eate des filles \u00a0\u00bb organis\u00e9e par Ass Nagomi danser et la demonstration de la calligraphie avec deux musiciennes koto et violoniste.<\/li>\n<li>2024: Festival \u00a0\u00bb Les Arts du Japon \u201d au Parc Oriental du 9 au 11 novembre. Danser et d\u00e9monstrations de la calligraphie<\/li>\n<li>2024 : la d\u00e9monstration de Calligraphie et de Danse au salon \u00ab\u00a0Japan Expo \u00a0\u00bb \u00e0 Paris<\/li>\n<li>\u00a0\u00a0\u00a0\u00a0\u00a0\u00a0 \u00a0\u00bb \u00a0 \u00a0\u00a0 : la d\u00e9monstration de Calligraphie et de Danser pour les Galeries \u00ab\u00a0G\u00e9nie de la Bastille \u00a0\u00bb et \u00ab\u00a0M\u00e9nil 8 \u00a0\u00bb \u00e0 Paris<\/li>\n<li>2020\u00a0 : \u00ab\u00a0Yoake \u00a0\u00bb cr\u00e9ation collective duo espace Culturel Bertin Poiree \u00e0 Paris<\/li>\n<li>2017 \u00a0 :<em> \u00a0\u00bb Tourbillon \u00ab\u00a0<\/em> Espace Culturel Bertin Poiree \u00e0 Paris<\/li>\n<li>\u00a0 \u00a0\u00a0 \u00a0\u00bb \u00a0 \u00a0 \u00a0\u00a0 : <em>\u00a0\u00bb Avec Chamisen\u00a0 \u00a0\u00bb <\/em>pavillon d\u2019\u00eele \u00e0 Brunoy (la commande par la mairie de Brunoy<\/li>\n<li>\u00a0 \u00a0 \u00a0\u00bb\u00a0 \u00a0 \u00a0 \u00a0\u00a0\u00a0 : mise en place la prestation de la danse pour l&rsquo;exposition \u00ab\u00a0Sankakuza \u00ab\u00a0<\/li>\n<li>2016\u00a0\u00a0\u00a0 :<em> \u00ab\u00a0Tourbillon &#8211; \u82b1\u5439\u96ea \u00ab\u00a0<\/em> centre cultuel La RUE \u00e0\u00a0 Mandre les Roses 94 en trio<\/li>\n<li>2014 \u00a0 \u00a0<strong><em> :<\/em><\/strong><em> \u00a0\u00bb Tourbillon &#8211; \u82b1\u5439\u96ea\u00a0 \u00ab\u00a0<\/em> TNA \u00e0\u00a0 Alger repr\u00e9sentant en compagnie Japonais dans 6eme festival culturel international de danse contemporaine<\/li>\n<li>2014\/13 : <em>\u201c Showa romain &#8211; \u662d\u548c\u6d6a\u6f2b \u201d<\/em>\u3000 Th\u00e9\u00e2tre municipale d&rsquo;Hiratsuka , Th\u00e9\u00e2tre Y\u00a0 \u00e0 Yokohama, plusieurs lieux\u00a0 au Japon<\/li>\n<li>\u00a02008\u00a0 \uff1a\u00a0 \u201d <em>Une Mer Tourment\u00e9e<\/em> <em>\u00ab\u00a0<\/em>\u00a0 Centre Bertin Poir\u00e9e\u00a0 \u00e0 Paris<\/li>\n<li>2007\u00a0\u00a0\u00a0 \uff1a\u201d<em>Tr\u00e8fle<\/em>\u201d \u00a0 \u00a0\u00a0\u00a0 chor\u00e9graphi\u00e9\u00a0 pour 3 danseurs<\/li>\n<li>\u3000\u3000\u201d \u00a0 \u00a0\u00a0 :\u3000<em>\u00e9v\u00e9nement pour le Hilton<\/em>\u00a0 \u00e0 Paris\u00a0 chor\u00e9graphi\u00e9 pour 30 danseurs<\/li>\n<li>\u3000\u3000\u201d \u00a0 \u00a0\u00a0 :\u3000 \u00a0\u00bb <em>Paris Cosmopolite<\/em> (com\u00e9die musical) \u201d de Chris Pages\u3000Chor\u00e9graphi\u00e9 pour 10 chanteurs et com\u00e9diennes<\/li>\n<li>2006\u00a0\u00a0\u00a0\u00a0 \uff1a \u201d<em>Danser pour Etty <\/em><em>\u00a0\u00bb <\/em>centre Point Orgue \u00e0 Paris<\/li>\n<li>2003\u00a0\u00a0\u00a0\u00a0 \uff1a\u00a0 \u201d <em>Hanama<\/em> &#8211;<em>\u82b1\u9593\u00a0 \u00a0\u00bb \u00a0 <\/em>\u00a0 Th\u00e9\u00e2tre conservatoire de\u00a0 Paris 11eme<\/li>\n<li>2000\uff5e1999\uff1a Com\u00e9die musical\u00a0 \u00a0\u00bb Vani \u00a0\u00bb de Chris Pages chor\u00e9graphi\u00e9 pour 30 interpr\u00e9t\u00e9s\u00a0 th\u00e9\u00e2tre Paris pleine<\/li>\n<li>2000`1998\u00a0\u00a0 \uff1a\u00a0 \u00c9v\u00e9nementiel<em> au Palais des\u00a0 Congr\u00e8s \u00e0 Paris \u201cLe salon de beaut\u00e9\u201d<\/em> pendant 3 ann\u00e9es de suite\u00a0 Chor\u00e9graphi\u00e9 pour 20 danseurs<\/li>\n<li>1999 \u00a0 \u00a0\u00a0 \uff1a\u00a0<em> \u00c9v\u00e9nementiel pour 31 D\u00e9cembre au Hilton de\u00a0 Paris\u00a0<\/em> dans\u00e9 et chor\u00e9graphi\u00e9 pour 30 danseurs<\/li>\n<li>1998 \u00a0 \u00a0 \u00a0 \uff1a\u00a0 \u201d L<em>e souffle qui vient d&rsquo;est \u00a0\u00bb duo\u00a0 <\/em>centre culturel ambassade Japon de\u00a0 Paris<\/li>\n<li>1997 \u00a0 \u00a0 \u00a0\u00a0 \uff1a <em>Chor\u00e9graphie des d\u00e9files de mode de la collection \u00a0\u00bb Harley Davidson \u00a0\u00bb\u00a0 La Mondial des deux roues pour\u00a0 6 danseurs<br \/><\/em><\/li>\n<li>1997\uff5e1996 \uff1a chor\u00e9graphie d&rsquo;une adaptation\u00a0 de la com\u00e9die musical\u00a0 \u201d\u00a0\u00a0 <em>Rocky Horror Picture Show\u00a0 <\/em>\u201d Th\u00e9\u00e2tre Paris Pleine<strong><br \/><\/strong><\/li>\n<li>1995 \u00a0 \u00a0 \u00a0 \uff1a \u201d<em>\u3088\u308d\u307c\u3057-Yoroboshi \u00a0\u00bb de Mishima Yukio mise en sc\u00e8ne pour 10 interpretes<br \/><\/em><\/li>\n<li>1994 \u00a0 \u00a0 \u00a0\u00a0 \uff1a \u201d<em>\u5352\u5854\u5a46\u5c0f\u753a &#8211; Sotoba Komachi\u00a0\u00bb de Mishima\u00a0 Yukio au Th\u00e9\u00e2tre de Dejazet dans un\u00a0 cadre du festival<\/em>\u3000\u3000\u00a0\u00a0\u00a0 s\u00e9lectionn\u00e9<\/li>\n<li>1993 \u00a0 \u00a0 \u00a0\u00a0 \uff1a <em><strong>\u00a0\u00bb <\/strong>\u73ed\u5973 Hanjo<strong> \u00a0\u00bb <\/strong>de Mishima Yukio au Th\u00e9\u00e2tre de la Colline dans un cadre du festival<\/em>\u3000\u3000\u00a0\u00a0\u00a0\u00a0 s\u00e9lectionn\u00e9<\/li>\n<li>1990\u00a0\u00a0\u00a0\u00a0\u00a0\u00a0\u00a0\u00a0 \uff1a \u00ab\u00a0<em>Hanjo<\/em> &#8211;<em>\u73ed\u5973 \u00a0\u00bb\u00a0<\/em> \u00a0 Festival organiser par\u00a0 la mairie de 11eme \u201d La Semaine de la Danse \u201d au Th\u00e9\u00e2tre\u00a0\u00a0 de\u00a0 La Roquette\u00a0 danser et chor\u00e9graphie pour trio<\/li>\n<li>1987\/88\u00a0\u00a0 \uff1a \u201d <em>MA<\/em> &#8211;<em>\u9593\u00a0 \u00a0\u00bb solo\u00a0<\/em> Les ambassades de Paris et de Maroc, L&rsquo;espace Japon\u00a0 \u00e0 Paris, et\u00a0\u00a0 le Club-Med en Gr\u00e8ce (\u00a0 artiste invit\u00e9e)<\/li>\n<li>1987\u00a0\u00a0\u00a0\u00a0\u00a0\u00a0\u00a0\u00a0\u00a0\u00a0 :\u00a0 \u201d <em>Passion Swing Jazz<\/em>\u201d \u3000tourn\u00e9e dans 17 pays de l&rsquo;Afrique et de l\u2019Oc\u00e9an Indien\u00a0\u00a0 la compagnie Chris Pages en Premi\u00e8re danseuse<\/li>\n<li>\u3000\u201d\u3000 \u00a0 \u00a0 \u00a0 \u00a0 \u00a0\u00a0 :\u00a0 \u201d <em>C\u00e9r\u00e9monie Noir Nuance Mauve <\/em>\u201d\u00a0 tourn\u00e9e en \u00c9thiopie\u00a0 en Madagascar<\/li>\n<li>1986 \u00a0 \u00a0 \u00a0 \u00a0 \u00a0 \uff1a \u00a0\u00a0 \u201d<em>Passion Swing Jazz<\/em>\u201d \u00a0 \u00e0 la \u201dF\u00eate de L\u2019humanit\u00e9 \u201d\u00a0 et\u00a0 \u00e0\u00a0 \u00a0\u00bb l\u2019\u00c9cole Polytechnique \u00ab\u00a0<\/li>\n<li>\u3000\u3000\u201d\u00a0 \u00a0 \u00a0 \u00a0 \u00a0\u00a0 \uff1a\u201dI<em>mprovisation<\/em>\u201d\u00a0 au Beaux Arts de Paris pour Mit Mitropoulos<\/li>\n<li>\u3000\u3000\u201d\u00a0\u00a0 \u00a0 \u00a0 \u00a0 \u00a0 \uff1a\u201d<em>Passion Swing Jazz<\/em>\u201d\u00a0 tourn\u00e9e\u00a0 au\u00a0 Maroc Th\u00e9\u00e2tre Mohammed V et Th\u00e9\u00e2tre municipale de Casablanca<\/li>\n<li>1985\u00a0\u00a0 \u00a0 \u00a0 \u00a0 \u00a0\u00a0 \uff1a \u201d <em>RITE<\/em> &#8211;<em>\u5100\u5f0f \u00a0\u00bb\u00a0 Duo \u00a0 <\/em>Festival d&rsquo;Avignon<\/li>\n<li>1884\u00a0 \u00a0 \u00a0 \u00a0 \u00a0 \u00a0\u00a0 \uff1a \u201d <em>C\u00e9r\u00e9monie Noire Nuance Mauve <\/em>\u201d le premier Prix du public \u00a0\u00bb Festival international de la danse\u00a0 \u00e0 Charleville \u00ab\u00a0<\/li>\n<li>\u00a0\u3000\u3000\u201d\u00a0 \u00a0 \u00a0 \u00a0 \u00a0 \u00a0\u00a0 \uff1a\u201d<em>C\u00e9r\u00e9monie Noire Nuance Mauve<\/em>\u201d \u00a0 Festival d&rsquo;Avignon\u3000\u3000<\/li>\n<li>\u00a0\u00a0\u00a0\u00a0\u00a0\u00a0\u00a0\u00a0\u00a0\u00a0\u00a0\u00a0\u00a0\u00a0 \u00a0\u00a0 : \u201d<em>C\u00e9r\u00e9monie Noire Nuance Mauve<\/em>\u201d\u00a0 Th\u00e9\u00e2tre\u00a0 Mondapa\u00a0 \u00e0 Paris pendant un mois<\/li>\n<li>\u3000\u3000\u201d\u3000\uff1a\u201d <em>Active TV show <\/em>\u201d de A. Ligeon Ligeonnet\u00a0 au Grand th\u00e9\u00e2tre du Centre Georges Pompidou \u00e0 Paris et TAP \u00e0 Poitiers<\/li>\n<li>1983\u00a0\u00a0\u00a0\u00a0 \uff1a<em> \u201d Premi\u00e8re Set \u201d <\/em>au Sables d&rsquo;Olonne ,dans le cadre du festival international du film de Danse ( unique compagnie vivant)<\/li>\n<li>\u3000\u3000\u201d\u3000 : \u201d <em>Premi\u00e8re Set <\/em>\u201d\u00a0 Th\u00e9\u00e2tre Le Ranelagh\u00a0 \u00e0 Paris<\/li>\n<li>1979 \u00a0 \u00a0\u00a0 : \u201d<em>Premi\u00e8re Set<\/em>\u201d\u00a0 tourn\u00e9e au Portugal \u00e0 Lisbonne, \u00e0 Porto et \u00e0 Cabanas<\/li>\n<li>\u3000\u3000\u201d\u3000\uff1adans\u00e9 au centre cultuel am\u00e9ricain dans un chor\u00e9graphie de Suzanna Heyman Shaffley<strong> (<\/strong>1er danseuse compagnie Cunnigham)\u3000dans le cadre du stage AFFDAS<\/li>\n<li>6 films \u30012 TV shows \u3001 7 pubs(Benetton, Air France, American expresse,quenelles petit Jean,cassegrain etc,,,,)\u30012 com\u00e9dies musical pour enfant\u3001nombreux doublages<\/li>\n<\/ul>\n<p><img loading=\"lazy\" decoding=\"async\" class=\"alignnone size-medium wp-image-1564\" src=\"https:\/\/hysao.art\/wp-content\/uploads\/2023\/05\/Hysao-f-rampante-cer-noire-300x212.jpg\" alt=\"\" width=\"300\" height=\"212\" srcset=\"https:\/\/hysao.art\/wp-content\/uploads\/2023\/05\/Hysao-f-rampante-cer-noire-300x212.jpg 300w, https:\/\/hysao.art\/wp-content\/uploads\/2023\/05\/Hysao-f-rampante-cer-noire-1024x725.jpg 1024w, https:\/\/hysao.art\/wp-content\/uploads\/2023\/05\/Hysao-f-rampante-cer-noire-768x544.jpg 768w, https:\/\/hysao.art\/wp-content\/uploads\/2023\/05\/Hysao-f-rampante-cer-noire-1536x1087.jpg 1536w, https:\/\/hysao.art\/wp-content\/uploads\/2023\/05\/Hysao-f-rampante-cer-noire-2048x1449.jpg 2048w\" sizes=\"auto, (max-width: 300px) 100vw, 300px\" \/><strong>R\u00e9sum\u00e9 de CV<\/strong><\/p>\n<div class=\"mceTemp\">\u00a0<\/div>\n<p>Apr\u00e8s des \u00e9tudes sup\u00e9rieures de lettres \u00e0 l&rsquo;universit\u00e9 Chuo de Tokyo, s&rsquo;oriente vers la danse et le th\u00e9\u00e2tre.<\/p>\n<p>Hysao tourne alors en compagnie pendant de nombreuses ann\u00e9es en Europe, Afrique et Oc\u00e9an Indien. Elle chor\u00e9graphiera \u00e9galement plusieurs solos de danse, mettra en sc\u00e8ne et adaptera divers pi\u00e8ces dans\u00e9es et jou\u00e9es et sera engag\u00e9e comme chor\u00e9graphe pour diverses occasions.<\/p>\n<p>Elle co-fonde, avec Christian Pag\u00e9s, l&rsquo;\u00c9cole Sup\u00e9rieure du Spectacle o\u00f9 elle transmettra son exp\u00e9rience jusqu&rsquo;en 2006.<\/p>\n<p>En 2003, elle cr\u00e9e l&rsquo;association La Lucarne dans un but d&rsquo;\u00e9change culturel franco-japonais. Depuis 2007, elle se consacre essentiellement \u00e0 cette association.<\/p>\n<p>Depuis le 11 Mars 2011 au Japon, les catastrophes du tremblement de terre, du tsunami et les explosions \u00e0 la centrale nucl\u00e9aire de Fukushima, elle part au Japon pour soutenir sa famille et ses amies. Elle ouvre un cercle de danse \u00ab\u00a0Le lien\u00a0\u00bb avec l&rsquo;association La lucarne au Japon. Elle r\u00e9alise 2 chor\u00e9graphies, et se repr\u00e9sente dans plusieurs lieux au Japon.<\/p>\n<p>Hysao a aussi <a title=\"Le Lien 07, Festival International de Danse Contemporaine \u00e0 Alger\" href=\"http:\/\/www.dz.emb-japan.go.jp\/cl-manif2014.html\">repr\u00e9sent\u00e9 le Japon lors du Festival International de Danse Contemporaine \u00e0 Alger<\/a> avec sa compagnie \u00ab\u00a0Le lien 07\u00a0\u00bb.<\/p>\n<p><img loading=\"lazy\" decoding=\"async\" class=\"wp-image-919 size-large\" src=\"http:\/\/lucarne.info\/blog\/wp-content\/uploads\/2011\/11\/LeLien07-FestivalAlger_1775160-1024x576.jpg\" alt=\"lelien07-festivalalger_1775160\" width=\"584\" height=\"329\" \/><\/p>\n<p>Le retour du Japon elle ouvre un nouveau cours de \u00ab\u00a0calligraphie japonaise\u00a0\u00bb \u00e0 Paris cette activit\u00e9 est ouvert depuis la rentr\u00e9e 2014. elle aussi donne le cours de calligraphie dans une \u00e9cole de Design Paris Autograf (2020-2023) et des nombreux stages de calligraphie dans plusieurs lieux.<\/p>\n<p>Depuis 2016 elle commence \u00e0 expos\u00e9 ses \u0153uvres . Lors de chaque exposition dans le cadre de vernissage elle danse ou\u00a0 faire une d\u00e9monstration de la calligraphie. Elle aimerait d\u00e9velopper d&rsquo;avantage cette action.<\/p>\n<figure id=\"attachment_701\" aria-describedby=\"caption-attachment-701\" style=\"width: 304px\" class=\"wp-caption aligncenter\"><img loading=\"lazy\" decoding=\"async\" class=\" wp-image-701\" src=\"https:\/\/hysao.art\/wp-content\/uploads\/2018\/09\/indeximage-1-300x259.jpg\" alt=\"\" width=\"304\" height=\"262\" srcset=\"https:\/\/hysao.art\/wp-content\/uploads\/2018\/09\/indeximage-1-300x259.jpg 300w, https:\/\/hysao.art\/wp-content\/uploads\/2018\/09\/indeximage-1-350x302.jpg 350w, https:\/\/hysao.art\/wp-content\/uploads\/2018\/09\/indeximage-1.jpg 683w\" sizes=\"auto, (max-width: 304px) 100vw, 304px\" \/><figcaption id=\"caption-attachment-701\" class=\"wp-caption-text\">Created with GIMP<\/figcaption><\/figure>\n<p><strong><em><span style=\"font-size: 24px;\">Expositions<\/span><\/em><\/strong><\/p>\n<ul>\n<li>04\/08\/26-29\/08\/2026 :Galerie Chant Libre \u00e0 Mont\u00e9limar <strong>solo<\/strong><\/li>\n<li>13\/06\/26 -12\/07\/2026 : Galerie Acanthe \u00e0 La Fert\u00e9-Loupi\u00e8re Yonne <strong>solo<\/strong><\/li>\n<li>03\/03\/26 -30\/04\/2026 :Agence du centre \u00e0 Brunoy\u00a0 <strong>solo<\/strong><\/li>\n<li>14\/02\/26-28\/02\/2026 : Galerie Belleville \u00e0 Paris <strong>duo<\/strong><\/li>\n<li>11\/02\/26-15\/02\/2026 :Grand Palais \u00e0 Paris Art Capital \u00a0\u00bb Salon Dessin Peinture \u00e0 L&rsquo;Eau\u00a0\u00bb<\/li>\n<li>28\/03\/25-06\/04\/2025 : Galerie Menil&rsquo;8&Prime; Volcanique \u00a0\u00bb collective\u00a0 75020 Paris<\/li>\n<li>12\/03\/25-23\/03\/2025 :Galerie Menil&rsquo;8\u00a0 collective de Dessins\u00a0 75020 Paris<\/li>\n<li>18\/02\/25-22\/02\/2025: Grand Palais \u00e0 Paris\u00a0 Art Capital \u00ab\u00a0Salon Dessin Peinture \u00e0 L\u2019Eau\u00a0\u00bb <\/li>\n<li>04\/02\/25-15\/02\/2025 : Espace Culturel Bertin Poir\u00e9e\u00a0 \u00ab\u00a0Myst\u00e8res de l\u2019encre\u00a0\u00bb\u00a0 75001 Paris <strong>trio<\/strong><\/li>\n<li>O5\/12\/24-08\/12\/2024 : Espace Communes\u00a0 avec Artistes \u00e0 la Bastille collective 75004 Paris<\/li>\n<li>06\/11\/24 -18\/11\/2024 : Galerie Beaut\u00e9 Du Matin Calme Village Suisse 75015 Paris <strong>quart<\/strong><\/li>\n<li>06\/07\/24-28\/07\/2024:\u00a0 \u00ab\u00a0Le Fournil \u00a0\u00bb \u00e0 Moutiers -en-Puisaye <strong>solo<\/strong> peinture avec 4 c\u00e9ramistes<\/li>\n<li>18\/06\/24-28\/06\/2024 :\u00a0 L&rsquo;espace culturel \u00ab\u00a0Le Trait D&rsquo;Union \u00a0\u00bb \u00e0 91800 Brunoy <strong>solo<\/strong><\/li>\n<li>09\/04\/24-14\/04\/2024<span style=\"font-size: 12px;\">\u00a0 : <span style=\"font-size: 16px;\">Galerie Menil&rsquo;8\u00a0\u00a0 collective de dessin\u00a0 75020 Paris<br \/><\/span><\/span><\/li>\n<li>07\/03\/24-17\/03\/2024\u00a0 :\u00a0 Galerie Menil&rsquo;8 \u00e0 Paris\u00a0 Printemps de po\u00e8te 75020 Paris<\/li>\n<li>23\/01\/24-11\/02\/2024 \u00a0 : \u00ab\u00a0Focus Japon \u00a0\u00bb\u00a0 M\u00e9diath\u00e8que aux Mureaux\u00a0 <strong>solo<\/strong><\/li>\n<li>21\/06\/23-29\/07\/2023\u00a0 :\u00a0 librairie-galerie-salon litt\u00e9raire \u00ab\u00a0Chant libre\u00a0\u00bb \u00e0 Mont\u00e9limar\u00a0<strong> solo<\/strong><\/li>\n<li>01\/12\/22-14\/12\/2022 \u00a0 \u00a0 :\u00a0 Galerie \u00ab\u00a0Beaut\u00e9 du Matin calme\u00a0\u00bb\u00a0 village suisse 75015 Paris <strong>quart<\/strong><\/li>\n<li>21\/10\/22-23\/10\/2022 \u00a0\u00a0 : \u00a0\u00bb Artshopping au Carrousel du Louvre \u00a0\u00bb 75001\u00a0 Paris<\/li>\n<li>14\/07\/22-31\/07\/2022\u00a0 \u00a0 : Saison 15\u00a0 \u00a0\u00bb Le Fournil \u00a0\u00bb Moutiers en Puisaye 89520\u00a0 <strong>solo<\/strong><\/li>\n<li>20\/05\/22-03\/06\/2022\u00a0 : \u00ab\u00a0Atelier LILA\u00a0\u00bb \u00a0 75011 Paris <strong>solo<\/strong><\/li>\n<li>08\/05\/22-11\/05\/2022 \u00a0 :\u00a0\u00bb 19eme Marche du Curieux \u00a0\u00bb Bissy-sur- Fley 71460 collective<\/li>\n<li>09\/03\/22-22\/03\/2022\u00a0 : Galerie \u00ab\u00a0Beaut\u00e9 du matin calme \u00ab\u00a0-village suisse 75015 Paris <\/li>\n<li>18\/01\/21-30\/01\/2022\u00a0\u00a0\u00a0\u00a0 : \u00ab\u00a0Boesner\u00a0\u00bb\u00a0 Champigny\/s Marne 94\u00a0 <strong>solo<\/strong><\/li>\n<li>06\/10\/20-17\/10\/2020\u00a0 \u00a0 : \u00ab\u00a0Espace Culturel Bertin Poir\u00e9e\u00a0\u00bb\u00a0 75001 Paris <strong>solo<\/strong><\/li>\n<li>05\/10\/19-18\/10\/2019 \u00a0 \u00a0 : \u00ab\u00a0Espace Culturel Mompezat \u00a0\u00bb\u00a0 75006 Paris avec une sculpteure <strong>duo<\/strong><\/li>\n<li>02\/06\/18-24\/06\/2018 \u00a0 :\u00a0\u00bb Le Fournil \u00a0\u00bb Moutier en Puisaye 89520 \u00a0<strong>\u00a0 Solo<\/strong><\/li>\n<li>21\/09\/17-24\/09\/2017\u00a0 \u00a0 : \u00ab\u00a0Sankakuza \u00ab\u00a0Atelier St P\u00e8res 75007 Paris\u00a0 <strong>trio<\/strong><\/li>\n<li>14\/07\/17-31\/07\/2017 \u00a0 \u00a0 :\u00a0\u00bb Atelier LILA\u00a0\u00bb Les Traits du Japon \u00a0\u00bb 75011 Paris \u00a0 <strong>duo<\/strong><\/li>\n<li>01\/04\/17-30\/04\/2017 \u00a0 : Galerie \u00ab\u00a0Acanthe \u00a0\u00bb La F\u00e9rte-Loupi\u00e8re\u00a0 Yonne <strong>solo<\/strong><\/li>\n<li>23\/09\/16-02\/10\/2016 \u00a0 : \u00ab\u00a0Festival AVC\u00a0\u00bb centre culturel Chelles 77500 collective<\/li>\n<li>14\/09\/16-25\/09\/2016\u00a0 : \u00ab\u00a0G\u00e9nies de la Rue\u00a0\u00bb espace Christiane Peugeot 75017 Paris<\/li>\n<li>16\/04\/16-10\/05\/2016\u00a0 : \u00ab\u00a0Atelier LILA\u00a0\u00bb 75011 Paris le premier exposition <strong>solo<\/strong><\/li>\n<li>09\/04\/16-08\/05\/2016 : Espace culturel \u00a0\u00bb La Rue \u00a0\u00bb Mandres les Roses 94 <strong>duo<\/strong><\/li>\n<li>20\/02\/2016 \u00a0 \u00a0 \u00a0 \u00a0 \u00a0 \u00a0 \u00a0 \u00a0 \u00a0 \u00a0 \u00a0\u00a0 : #jesuisparisartauction\u00a0 Mairie du 11eme Paris<\/li>\n<\/ul>\n<p><span style=\"font-size: 28px;\"><strong>Le concours<\/strong><\/span><\/p>\n\n\n<figure class=\"wp-block-image size-large is-resized\"><img loading=\"lazy\" decoding=\"async\" width=\"1024\" height=\"724\" src=\"https:\/\/hysao.art\/wp-content\/uploads\/2024\/08\/20231217-182917-yjckmaeel-1024x724.jpg\" alt=\"\" class=\"wp-image-1785\" style=\"width:724px;height:512px\" srcset=\"https:\/\/hysao.art\/wp-content\/uploads\/2024\/08\/20231217-182917-yjckmaeel-1024x724.jpg 1024w, https:\/\/hysao.art\/wp-content\/uploads\/2024\/08\/20231217-182917-yjckmaeel-300x212.jpg 300w, https:\/\/hysao.art\/wp-content\/uploads\/2024\/08\/20231217-182917-yjckmaeel-768x543.jpg 768w, https:\/\/hysao.art\/wp-content\/uploads\/2024\/08\/20231217-182917-yjckmaeel.jpg 1169w\" sizes=\"auto, (max-width: 706px) 89vw, (max-width: 767px) 82vw, 740px\" \/><\/figure>\n","protected":false},"excerpt":{"rendered":"<p>Hysao Takagi \u4e45\u751f \u9ad8\u6728 Ma vie, largement guid\u00e9e par le hasard, a toujours \u00e9t\u00e9 cons\u00e9quence du fait que je ne me suis jamais assign\u00e9e de but dernier dans le futur. Les choses arrivent comme elles viennent et je les re\u00e7ois ainsi, sans pour autant les accepter toutes.\u00a0 Est ce le signe d&rsquo;un manque de convictions &hellip; <\/p>\n<p class=\"link-more\"><a href=\"https:\/\/hysao.art\/?page_id=35\" class=\"more-link\">Continuer la lecture<span class=\"screen-reader-text\"> de &laquo;&nbsp;Profil&nbsp;&raquo;<\/span><\/a><\/p>\n","protected":false},"author":1,"featured_media":0,"parent":0,"menu_order":0,"comment_status":"closed","ping_status":"closed","template":"","meta":{"footnotes":""},"class_list":["post-35","page","type-page","status-publish","hentry"],"_links":{"self":[{"href":"https:\/\/hysao.art\/index.php?rest_route=\/wp\/v2\/pages\/35","targetHints":{"allow":["GET"]}}],"collection":[{"href":"https:\/\/hysao.art\/index.php?rest_route=\/wp\/v2\/pages"}],"about":[{"href":"https:\/\/hysao.art\/index.php?rest_route=\/wp\/v2\/types\/page"}],"author":[{"embeddable":true,"href":"https:\/\/hysao.art\/index.php?rest_route=\/wp\/v2\/users\/1"}],"replies":[{"embeddable":true,"href":"https:\/\/hysao.art\/index.php?rest_route=%2Fwp%2Fv2%2Fcomments&post=35"}],"version-history":[{"count":47,"href":"https:\/\/hysao.art\/index.php?rest_route=\/wp\/v2\/pages\/35\/revisions"}],"predecessor-version":[{"id":1987,"href":"https:\/\/hysao.art\/index.php?rest_route=\/wp\/v2\/pages\/35\/revisions\/1987"}],"wp:attachment":[{"href":"https:\/\/hysao.art\/index.php?rest_route=%2Fwp%2Fv2%2Fmedia&parent=35"}],"curies":[{"name":"wp","href":"https:\/\/api.w.org\/{rel}","templated":true}]}}